{"id":1713,"date":"2023-03-28T15:15:06","date_gmt":"2023-03-28T15:15:06","guid":{"rendered":"https:\/\/comtonsud.fr\/?page_id=1713"},"modified":"2023-03-28T18:57:50","modified_gmt":"2023-03-28T18:57:50","slug":"elementor-1713","status":"publish","type":"page","link":"https:\/\/comtonsud.fr\/?page_id=1713","title":{"rendered":"CGV"},"content":{"rendered":"\t\t<div data-elementor-type=\"wp-page\" data-elementor-id=\"1713\" class=\"elementor elementor-1713\">\n\t\t\t\t\t\t\t\t\t<section class=\"elementor-section elementor-top-section elementor-element elementor-element-f69b51a elementor-section-boxed elementor-section-height-default elementor-section-height-default wpr-particle-no wpr-jarallax-no wpr-parallax-no wpr-sticky-section-no\" data-id=\"f69b51a\" data-element_type=\"section\" data-settings=\"{&quot;_ha_eqh_enable&quot;:false}\">\n\t\t\t\t\t\t<div class=\"elementor-container elementor-column-gap-default\">\n\t\t\t\t\t<div class=\"elementor-column elementor-col-100 elementor-top-column elementor-element elementor-element-0d4ca80\" data-id=\"0d4ca80\" data-element_type=\"column\">\n\t\t\t<div class=\"elementor-widget-wrap elementor-element-populated\">\n\t\t\t\t\t\t\t\t<div class=\"elementor-element elementor-element-87fe47e elementor-widget elementor-widget-heading\" data-id=\"87fe47e\" data-element_type=\"widget\" data-widget_type=\"heading.default\">\n\t\t\t\t<div class=\"elementor-widget-container\">\n\t\t\t<style>\/*! elementor - v3.12.0 - 29-03-2023 *\/\n.elementor-heading-title{padding:0;margin:0;line-height:1}.elementor-widget-heading .elementor-heading-title[class*=elementor-size-]>a{color:inherit;font-size:inherit;line-height:inherit}.elementor-widget-heading .elementor-heading-title.elementor-size-small{font-size:15px}.elementor-widget-heading .elementor-heading-title.elementor-size-medium{font-size:19px}.elementor-widget-heading .elementor-heading-title.elementor-size-large{font-size:29px}.elementor-widget-heading .elementor-heading-title.elementor-size-xl{font-size:39px}.elementor-widget-heading .elementor-heading-title.elementor-size-xxl{font-size:59px}<\/style><h2 class=\"elementor-heading-title elementor-size-default\">Conditions G\u00e9n\u00e9rales de Vente<\/h2>\t\t<\/div>\n\t\t\t\t<\/div>\n\t\t\t\t\t<\/div>\n\t\t<\/div>\n\t\t\t\t\t\t\t<\/div>\n\t\t<\/section>\n\t\t\t\t<section class=\"elementor-section elementor-top-section elementor-element elementor-element-346bec1 elementor-section-boxed elementor-section-height-default elementor-section-height-default wpr-particle-no wpr-jarallax-no wpr-parallax-no wpr-sticky-section-no\" data-id=\"346bec1\" data-element_type=\"section\" data-settings=\"{&quot;_ha_eqh_enable&quot;:false}\">\n\t\t\t\t\t\t<div class=\"elementor-container elementor-column-gap-default\">\n\t\t\t\t\t<div class=\"elementor-column elementor-col-100 elementor-top-column elementor-element elementor-element-ad0bca5\" data-id=\"ad0bca5\" data-element_type=\"column\">\n\t\t\t<div class=\"elementor-widget-wrap elementor-element-populated\">\n\t\t\t\t\t\t\t\t<div class=\"elementor-element elementor-element-ac06809 elementor-widget elementor-widget-text-editor\" data-id=\"ac06809\" data-element_type=\"widget\" data-widget_type=\"text-editor.default\">\n\t\t\t\t<div class=\"elementor-widget-container\">\n\t\t\t<style>\/*! elementor - v3.12.0 - 29-03-2023 *\/\n.elementor-widget-text-editor.elementor-drop-cap-view-stacked .elementor-drop-cap{background-color:#69727d;color:#fff}.elementor-widget-text-editor.elementor-drop-cap-view-framed .elementor-drop-cap{color:#69727d;border:3px solid;background-color:transparent}.elementor-widget-text-editor:not(.elementor-drop-cap-view-default) .elementor-drop-cap{margin-top:8px}.elementor-widget-text-editor:not(.elementor-drop-cap-view-default) .elementor-drop-cap-letter{width:1em;height:1em}.elementor-widget-text-editor .elementor-drop-cap{float:left;text-align:center;line-height:1;font-size:50px}.elementor-widget-text-editor .elementor-drop-cap-letter{display:inline-block}<\/style>\t\t\t\t<div class=\"page\" title=\"Page 1\"><div class=\"section\"><div class=\"layoutArea\"><div class=\"column\"><p><b>ARTICLE 1 \u2013 CHAMP D\u2019APPLICATION<\/b><\/p><p>Les pr\u00e9sentes Conditions G\u00e9n\u00e9rales de Vente constituent, conform\u00e9ment \u00e0 l&#8217;article\u00a0<a href=\"https:\/\/abonnes.efl.fr\/EFL2\/convert\/id\/?id=CCOM159561\">L 441-1 du Code du Commerce<\/a>, le socle unique de la relation commerciale entre les parties (\u00ab Les Parties \u00bb).<\/p><p>Elles ont pour objet de d\u00e9finir les conditions dans lesquelles\u00a0<b>l\u2019EI COM\u2019 TON SUD \u2013 Madame Victoria FACILA<\/b> <i>sise 647 chemin Saint Roch, 83110 Sanary-sur-Mer &#8211; 913 471 702 00013 &#8211; <\/i><a href=\"mailto:comtonsud@gmail.com\">comtonsud@gmail.com<\/a><i> &#8211; 06.28.07.58.66 <\/i>(\u00ab Le Prestataire \u00bb) fournit aux Clients professionnels (\u00ab Les Clients ou le Client \u00bb) qui lui en font la demande, via les r\u00e9seaux sociaux, via le site internet du Prestataire, par contact direct ou via un support papier, les produits &amp; services suivants :\u00a0<\/p><ul><li><b><i>CR\u00c9ATION GRAPHIQUE<\/i><\/b><\/li><li><b><i>COMMUNITY MANAGEMENT<span class=\"Apple-converted-space\">\u00a0<\/span><\/i><\/b><\/li><li><b><i>WEBMASTERING<span class=\"Apple-converted-space\">\u00a0<\/span><\/i><\/b><\/li><li><b><i>SHOOTINGS PHOTO &amp; VID\u00c9O<span class=\"Apple-converted-space\">\u00a0<\/span><\/i><\/b><\/li><li><b><i>CONSEIL EN COMMUNICATION<\/i><\/b><\/li><li><b><i>ACTIVIT\u00c9 DE CR\u00c9ATION &amp; D\u2019IMPRESSION DE DOCUMENTS GRAPHIQUES ET\/OU PUBLICITAIRES ET\/OU MULTIM\u00c9DIA<\/i><\/b><\/li><\/ul><p><i>&amp; d\u2019une mani\u00e8re g\u00e9n\u00e9rale toute prestation sollicit\u00e9e par le Client ayant fait l\u2019objet d\u2019une proposition formelle de la part du Prestataire <\/i>(\u00ab les Produits\u00a0\u00bb , \u00ab\u00a0les Services \u00bb, \u00ab\u00a0les Prestations\u00a0\u00bb).<\/p><p>Elles s&#8217;appliquent, sans restriction ni r\u00e9serve, \u00e0 tous les Produits\/Services vendus par le Prestataire aupr\u00e8s des Clients de m\u00eame cat\u00e9gorie, quelles que soit les clauses pouvant figurer sur les documents du Client, et notamment ses conditions g\u00e9n\u00e9rales d&#8217;achat.<\/p><p>Conform\u00e9ment \u00e0 la r\u00e9glementation en vigueur, ces Conditions G\u00e9n\u00e9rales de Vente sont syst\u00e9matiquement communiqu\u00e9es \u00e0 tout Client qui en fait la demande, pour lui permettre de passer commande aupr\u00e8s du Prestataire. Elles sont \u00e9galement communiqu\u00e9es \u00e0 tout Client pr\u00e9alablement \u00e0 la conclusion d&#8217;une convention unique vis\u00e9e aux articles\u00a0<a href=\"https:\/\/abonnes.efl.fr\/EFL2\/convert\/id\/?id=CCOM159583\">L 441-3 et suivants du Code du Commerce<\/a>, dans les d\u00e9lais l\u00e9gaux.<\/p><p>Toute commande de Produits\/Services implique, de la part du Client, l&#8217;acceptation des pr\u00e9sentes Conditions G\u00e9n\u00e9rales de Vente et des conditions g\u00e9n\u00e9rales d\u2019utilisation du site internet du Prestataire pour les commandes \u00e9lectroniques.<\/p><p>Les renseignements figurant sur les catalogues, prospectus et tarifs du Prestataire sont donn\u00e9s \u00e0 titre indicatif et sont r\u00e9visables \u00e0 tout moment.<br \/>Le Prestataire est en droit d&#8217;y apporter toutes modifications qui lui para\u00eetront utiles.<\/p><p>Conform\u00e9ment \u00e0 la r\u00e9glementation en vigueur, le Prestataire se r\u00e9serve le droit de d\u00e9roger \u00e0 certaines clauses des pr\u00e9sentes Conditions G\u00e9n\u00e9rales de Vente, en fonction des n\u00e9gociations men\u00e9es avec le Client, par l&#8217;\u00e9tablissement de Conditions de Vente Particuli\u00e8res.<\/p><p>Le Prestataire peut, en outre, \u00eatre amen\u00e9 \u00e0 \u00e9tablir des Conditions G\u00e9n\u00e9rales de Vente cat\u00e9gorielles, d\u00e9rogatoires aux pr\u00e9sentes Conditions G\u00e9n\u00e9rales de Vente, en fonction du type de Clients consid\u00e9r\u00e9, d\u00e9termin\u00e9 \u00e0 partir de crit\u00e8res objectifs. Dans ce cas, les Conditions G\u00e9n\u00e9rales de Vente Cat\u00e9gorielles s&#8217;appliquent \u00e0 tous les Clients r\u00e9pondant \u00e0 ces crit\u00e8res.<\/p><p>Toute tol\u00e9rance de la part du Prestataire portant par exemple sur les conditions de paiement, ne saurait constituer une renonciation aux pr\u00e9sentes conditions g\u00e9n\u00e9rales.<span class=\"Apple-converted-space\">\u00a0<\/span><\/p><p>________<\/p><p><b>ARTICLE 2 &#8211; COMMANDES<\/b><\/p><p><b>2-1 \u2013 Proc\u00e9dure de passation de commande<\/b><\/p><ul><li>Entretien d\u00e9couverte gratuit permettant la r\u00e9alisation conjointe d\u2019une \u00e9tude du projet.<span class=\"Apple-converted-space\">\u00a0<\/span><\/li><li>\u00c9tablissement d\u2019un devis assorti des pr\u00e9sentes, d\u2019un mandat SEPA &amp; le cas \u00e9ch\u00e9ant d\u2019un cahier des charges et\/ou de tout autre document estim\u00e9 n\u00e9cessaire par le Prestataire.<\/li><li>Validation par \u00e9crit par le Client desdits documents, laquelle se mat\u00e9rialise par leur restitution au Prestataire remplis, paraph\u00e9s \u00e0 chaque page, dat\u00e9s, sign\u00e9s &amp; porteurs de la mention \u00ab\u00a0lu et approuv\u00e9, bon pour accord\u00a0\u00bb, entra\u00eenant acceptation expresse de leurs termes &amp; contenus.<\/li><li>Le Prestataire ne sera pas tenu de proc\u00e9der \u00e0 la fourniture des Produits\/Services command\u00e9s par le Client si celui-ci ne lui restitue pas l\u2019ensemble des documents pr\u00e9cit\u00e9s dans les conditions et selon les modalit\u00e9s indiqu\u00e9es aux pr\u00e9sentes, notamment le mandat SEPA rempli &amp; sign\u00e9 aux fins de la mise en place du paiement mensuel par pr\u00e9l\u00e8vement.<\/li><li>Confirmation de la commande du Client par le Prestataire, mat\u00e9rialis\u00e9e par un \u00e9crit \u00e9manant du Prestataire. La vente n\u2019est parfaite qu\u2019\u00e0 l\u2019issue de cette derni\u00e8re \u00e9tape.<\/li><\/ul><p>La validit\u00e9 des prix figurant sur le devis est de 30 jours \u00e0 compter de sa date d\u2019\u00e9mission.<span class=\"Apple-converted-space\">\u00a0<\/span><\/p><p>Les conditions tarifaires des offres dites promotionnelles &amp; signal\u00e9es comme telles ne sont valables que pour la dur\u00e9e qu\u2019elles pr\u00e9cisent.<\/p><p>Le b\u00e9n\u00e9fice de la commande \u00e9tant personnel au Client, celui-ci ne pourra \u00eatre transf\u00e9r\u00e9 \u00e0 un tiers (hors soci\u00e9t\u00e9s avec un lien capitalistique) sans l\u2019autorisation de <b>COM\u2019 TON SUD<\/b>. <\/p><p>Le Prestataire dispose de moyens de confirmation \u00e9lectroniques permettant aux Clients de commander les Produits\/Services dans les meilleures conditions de commodit\u00e9 et de rapidit\u00e9.<\/p><p><b>2-2 \u2013 Modification de commande<\/b><\/p><p>Les \u00e9ventuelles modifications de la commande demand\u00e9es par le Client ne seront prises en compte, dans la limite des possibilit\u00e9s du Prestataire, que si elles sont notifi\u00e9es par \u00e9crit (<a href=\"mailto:comtonsud@gmail.com\">comtonsud@gmail.com<\/a>) et apr\u00e8s signature par le Client d&#8217;un devis sp\u00e9cifique avec ajustement \u00e9ventuel du prix.<\/p><p>Aucune modification ne sera possible sur une prestation impliquant l\u2019\u00e9tablissement d\u2019un bon \u00e0 tirer une fois celui-ci valid\u00e9 par le Client.<span class=\"Apple-converted-space\">\u00a0<\/span><\/p><p><b>2-3 \u2013 Annulation de commande<span class=\"Apple-converted-space\">\u00a0<\/span><\/b><\/p><p>En cas d&#8217;annulation de la commande par le Client apr\u00e8s son acceptation par le Prestataire et \u00e0 l\u2019issu de la p\u00e9riode d\u2019engagement minimale (cf. article 6) pour quelque raison que ce soit, la formule choisie s\u2019entendant pour un mois, une facturation sera \u00e9tablie au prorata temporis.<span class=\"Apple-converted-space\">\u00a0<\/span><\/p><p>________<\/p><p><b>ARTICLE 3 &#8211; TARIFS<\/b><\/p><p>Les prestations de Produits\/services sont fournies aux tarifs du Prestataire en vigueur au jour de la passation de la commande, selon le devis pr\u00e9alablement \u00e9tabli par le Prestataire &amp; accept\u00e9 par le Client. <\/p><p>Les tarifs s&#8217;entendent nets et HT, ils seront par cons\u00e9quent assortis du taux de TVA &amp; des frais de transport applicables, ainsi que de toute taxe en vigueur au jour de la commande.<\/p><p>Une facture est \u00e9tablie par le Prestataire et remise au Client lors de chaque fourniture de Produits\/Services.<\/p><p>Les conditions de d\u00e9termination du co\u00fbt des services dont le prix ne peut \u00eatre connu a priori ni indiqu\u00e9 avec exactitude, ainsi que la m\u00e9thode de calcul du prix permettant de v\u00e9rifier ce dernier, seront communiqu\u00e9es au Client ou feront l&#8217;objet d&#8217;un devis d\u00e9taill\u00e9, \u00e0 la demande du Client conform\u00e9ment aux dispositions de l&#8217;article\u00a0L 441-1 III du Code de commerce.<\/p><p>________<\/p><p><b>ARTICLE 4 \u2013 CONDITIONS DE R\u00c8GLEMENT<\/b><\/p><p><b>4-1- D\u00e9lais de r\u00e8glement<\/b><\/p><p>Sauf accord particulier, le prix est payable en totalit\u00e9 \u00e0 r\u00e9ception de facture (mois \u00e9chu), comme d\u00e9fini aux pr\u00e9sentes &amp; indiqu\u00e9 sur la facture remise au Client.<\/p><p>Les modes de paiement s\u00e9curis\u00e9s suivants sont utilis\u00e9s :<\/p><ul><li>Par pr\u00e9l\u00e8vement bancaire en date comprise entre le 1<sup>er<\/sup> et le 5 du mois suivant le mois \u00e9chu factur\u00e9<span class=\"Apple-converted-space\">\u00a0<\/span><\/li><li>Par virement bancaire en date comprise entre le 1<sup>er<\/sup> et le 5 du mois suivant le mois \u00e9chu factur\u00e9<\/li><li>En esp\u00e8ces dans les conditions l\u00e9gales<\/li><\/ul><p>Aucun frais suppl\u00e9mentaire, sup\u00e9rieur aux co\u00fbts support\u00e9s par le Prestataire pour l&#8217;utilisation d&#8217;un moyen de paiement ne pourra \u00eatre factur\u00e9 au Client.<\/p><p>Le paiement est r\u00e9alis\u00e9 \u00e0 l\u2019encaissement effectif du prix sans contestation \u00e0 l\u2019issue du d\u00e9lai l\u00e9gal.<span class=\"Apple-converted-space\">\u00a0<\/span><\/p><p>Toute somme non-r\u00e9gl\u00e9e dans les d\u00e9lais, tout retard de paiement ou tout retour de titres de paiement pour impay\u00e9 entra\u00eenera \u00e0 l\u2019issue d\u2019un d\u00e9lai de 8 jours apr\u00e8s r\u00e9ception par le Client d\u2019une mise en demeure par lettre recommand\u00e9e avec accus\u00e9 de r\u00e9ception rest\u00e9e sans effet, la suspension imm\u00e9diate des prestations dans l\u2019attente d\u2019une r\u00e9gularisation de sa situation, laquelle suspension ne peut en aucun cas mettre en cause la responsabilit\u00e9 de <b>COM\u2019 TON SUD<\/b> ni donner lieu \u00e0 aucune indemnit\u00e9.<span class=\"Apple-converted-space\">\u00a0<\/span><\/p><p>\u00c0 d\u00e9faut de r\u00e9gularisation des un d\u00e9lai de deux mois, <b>COM\u2019 TON SUD<\/b> engagera des poursuites judiciaires.<\/p><p><b>4-2- P\u00e9nalit\u00e9s de retard<\/b><\/p><p>En cas de retard de paiement et de versement des sommes dues par le Client au-del\u00e0 du d\u00e9lai ci-dessus fix\u00e9, et apr\u00e8s la date de paiement figurant sur la facture adress\u00e9e \u00e0 celui-ci, des p\u00e9nalit\u00e9s de retard calcul\u00e9es au taux de\u00a03 fois le taux d\u2019int\u00e9r\u00eat l\u00e9gal en vigueur, soit au 2<sup>e<\/sup> semestre 2021 2,28 % du montant TTC du prix figurant sur ladite facture par jour de retard, seront automatiquement et de plein droit acquises au Prestataire, sans formalit\u00e9 aucune ni mise en demeure pr\u00e9alable.<span class=\"Apple-converted-space\">\u00a0<\/span><\/p><p>Ces p\u00e9nalit\u00e9s seront assorties d\u2019une indemnit\u00e9 forfaitaire pour frais de recouvrement d&#8217;un montant de 40 euros \u00e9galement due de plein droit et sans notification pr\u00e9alable. Le cas \u00e9ch\u00e9ant, les frais occasionn\u00e9s au Prestataire pour retour de titres \/ impay\u00e9 du client seront ajout\u00e9s \u00e0 aux p\u00e9nalit\u00e9s expos\u00e9es supra. <\/p><p><b>4-3-<span class=\"Apple-converted-space\">\u00a0 <\/span>Absence de compensation<\/b><\/p><p>Sauf accord expr\u00e8s, pr\u00e9alable et \u00e9crit du Prestataire, et \u00e0 condition que les cr\u00e9ances et dettes r\u00e9ciproques soient certaines, liquides et exigibles, aucune compensation ne pourra \u00eatre valablement effectu\u00e9e par le Client entre d&#8217;\u00e9ventuelles p\u00e9nalit\u00e9s pour retard dans la fourniture des Produits\/Services command\u00e9s ou non-conformit\u00e9 \u00e0 la commande, d&#8217;une part, et les sommes d\u00fbes par le Client au Prestataire au titre de l&#8217;achat desdits Produits\/Services, d&#8217;autre part.<\/p><p>________<\/p><p><b>ARTICLE 5 \u2013 RENONCIATION AU DROIT DE R\u00c9TRACTATION<\/b><\/p><p>Le Client est inform\u00e9 que les commandes de Prestations pass\u00e9es et dont il requiert de la part du Prestataire le commencement d\u2019ex\u00e9cution avant l\u2019expiration du d\u00e9lai de r\u00e9tractation de droit commun dont il aurait pu se pr\u00e9valoir s\u2019il satisfait aux crit\u00e8res l\u00e9gaux vaut express\u00e9ment accord pr\u00e9alable \u00e0 la fourniture de la Prestation avant le d\u00e9lai de r\u00e9tractation de droit commun, et par l\u00e0 m\u00eame renonciation expresse \u00e0 son droit de r\u00e9tractation cf. article L 221-28 du code de la consommation.<\/p><p><b>Le Client est donc inform\u00e9 que le contrat est le cas \u00e9ch\u00e9ant conclu de fa\u00e7on d\u00e9finitive d\u00e8s la passation de la commande de Prestations par le Client selon les modalit\u00e9s pr\u00e9cis\u00e9es \u00e0 l\u2019Article 2 des pr\u00e9sentes Conditions g\u00e9n\u00e9rales.<\/b><\/p><p>________<\/p><p><b>ARTICLE 6 \u2013 DUR\u00c9E DU CONTRAT &amp; P\u00c9RIODE D\u2019ENGAGEMENT MINIMALE<span class=\"Apple-converted-space\">\u00a0<\/span><\/b><\/p><p>La p\u00e9riode d\u2019engagement minimale du Client est de 3 mois \u00e0 l\u2019issue desquels si le Client le souhaite le contrat prend fin sans aucune reconduction tacite.<span class=\"Apple-converted-space\">\u00a0<\/span><\/p><p>N\u00e9anmoins la r\u00e9siliation anticip\u00e9e du contrat peut intervenir \u00e0 tout moment par l\u2019envoi d\u2019une lettre de r\u00e9siliation par courriel <a href=\"mailto:comtonsud@gmail.com\">comtonsud@gmail.com<\/a> ou courrier \u00e0 l\u2019adresse 647 chemin Saint Roch, 83110 Sanary-sur-Mer.<\/p><p>Dans le cas d\u2019une telle r\u00e9siliation anticip\u00e9e, et sauf motifs l\u00e9gitimes selon le cadre l\u00e9gal, les mensualit\u00e9s restantes au titre de la fraction non \u00e9chue de la p\u00e9riode d\u2019engagement, c\u2019est-\u00e0-dire les sommes restantes au titre de l\u2019abonnement \u00e0 partir de la date de r\u00e9siliation &amp; jusqu\u2019au terme de la p\u00e9riode d\u2019engagement, seront int\u00e9gralement dues &amp; deviendront imm\u00e9diatement exigibles.<span class=\"Apple-converted-space\">\u00a0<\/span><\/p><p>Aucun frais de r\u00e9siliation en sus ne sera factur\u00e9.<\/p><p>________<\/p><p><b>ARTICLE 7 \u2013 MODALIT\u00c9S DE FOURNITURE DES PRODUITS\/SERVICES<\/b><\/p><p>Les Produits\/Services demand\u00e9s par le Client seront fournis dans un d\u00e9lai convenu entre les parties, leur r\u00e9alisation d\u00e9butant \u00e0 compter de la validation par le Prestataire de la commande du Client selon la proc\u00e9dure d\u00e9taill\u00e9e \u00e0 l\u2019article 2-1 des pr\u00e9sentes. <\/p><p>Ce d\u00e9lai ne constitue pas un d\u00e9lai de rigueur et le Prestataire ne pourra voir sa responsabilit\u00e9 engag\u00e9e \u00e0 l&#8217;\u00e9gard du Client en cas de retard dans la fourniture des Produits\/Services n&#8217;exc\u00e9dant pas\u00a014 jours.<span class=\"Apple-converted-space\">\u00a0<\/span><\/p><p><br \/>La responsabilit\u00e9 du Prestataire ne pourra en aucun cas \u00eatre engag\u00e9e en cas de retard ou de suspension de la fourniture des documents ou prestations imputables au Client, ou en cas de force majeure<\/p><p>En cas de demande particuli\u00e8re du Client concernant les conditions de fourniture des Produits\/Services, d\u00fbment accept\u00e9es par \u00e9crit par le Prestataire, les co\u00fbts li\u00e9s feront l&#8217;objet d&#8217;une facturation sp\u00e9cifique compl\u00e9mentaire, sur devis pr\u00e9alablement accept\u00e9 par le Client.<\/p><p>\u00c0 d\u00e9faut de r\u00e9serves ou r\u00e9clamations express\u00e9ment \u00e9mises par le Client lors de la r\u00e9ception des Produits\/Services, ceux-ci seront r\u00e9put\u00e9s conformes \u00e0 la commande, en quantit\u00e9 et qualit\u00e9.<\/p><p>Le Client disposera d&#8217;un d\u00e9lai de 48h \u00e0 compter de la fourniture des Produits\/Services pour \u00e9mettre, par \u00e9crit, de telles r\u00e9serves ou r\u00e9clamations, avec tous les justificatifs y aff\u00e9rents, par courriel aupr\u00e8s du Prestataire \u00e0 l\u2019adresse <a href=\"mailto:comtonsud@gmail.com\">comtonsud@gmail.com<\/a>.<\/p><p>Aucune r\u00e9clamation ne pourra \u00eatre valablement accept\u00e9e en cas de non-respect de ces formalit\u00e9s et d\u00e9lais par le Client.<\/p><p>Le Prestataire remboursera ou rectifiera le Client (dans la mesure du possible) dans les plus brefs d\u00e9lais et \u00e0 ses frais, selon les modalit\u00e9s ad\u00e9quates et agr\u00e9\u00e9es par le Client, les Produits\/Services dont le d\u00e9faut de conformit\u00e9 aura \u00e9t\u00e9 d\u00fbment prouv\u00e9 par le Client.<\/p><p>________<\/p><p><b>ARTICLE 8 \u2013 RESPONSABILIT\u00c9 DU PRESTATAIRE \u2013 GARANTIES<\/b><\/p><p>Le Prestataire garantit, conform\u00e9ment aux dispositions l\u00e9gales relatives \u00e0 la garantie l\u00e9gale de conformit\u00e9 des contenus et services num\u00e9riques (<i>ordonnance n\u00b02021-1247 du 29 septembre 2021)<\/i>, le Client, contre tout d\u00e9faut de conformit\u00e9 provenant d\u2019un d\u00e9faut de conception ou de fourniture desdits Produits et\/ou Services les affectant et rendant impropres \u00e0 l&#8217;utilisation, \u00e0 l&#8217;exclusion de toute n\u00e9gligence ou faute du Client.<\/p><p>Le Prestataire garantit \u00e9galement, dans les m\u00eames conditions et selon les m\u00eames modalit\u00e9s, conform\u00e9ment aux dispositions l\u00e9gales, le Client, contre tout d\u00e9faut de conformit\u00e9 des Produits physiques et tout vice cach\u00e9, provenant d&#8217;un d\u00e9faut de mati\u00e8re, de conception, de fabrication, ou de fourniture desdits Produits affectant les produits livr\u00e9s et les rendant impropres \u00e0 l&#8217;utilisation, \u00e0 l&#8217;exclusion de toute n\u00e9gligence ou faute du Client.<br \/><br \/>La responsabilit\u00e9 du Prestataire ne peut \u00eatre engag\u00e9e qu&#8217;en cas de faute ou de n\u00e9gligence prouv\u00e9e et est limit\u00e9e aux pr\u00e9judices directs \u00e0 l&#8217;exclusion de tout pr\u00e9judice indirect, de quelque nature que ce soit.<br \/><br \/>Cette garantie est limit\u00e9e au remplacement effectu\u00e9 par le Prestataire sans frais ni inconv\u00e9nient majeur dans un d\u00e9lai raisonnable (ne pouvant exc\u00e9der 30 jours) ou au remboursement des produits non conformes, \u00e0 la discr\u00e9tion du Prestataire.<span class=\"Apple-converted-space\">\u00a0<\/span><\/p><p>La garantie forme un tout indissociable avec le Produit. Le Produit ne peut \u00eatre vendu ou revendu alt\u00e9r\u00e9, transform\u00e9 ou modifi\u00e9.<br \/>Cette garantie est limit\u00e9e au remplacement ou au remboursement des produits non conformes ou affect\u00e9s d&#8217;un vice.<br \/>Toute garantie est exclue en cas de mauvaise utilisation, n\u00e9gligence ou d\u00e9faut d&#8217;entretien de la part du Client comme en cas d&#8217;usure normale du Produit ou de force majeure.<\/p><p>Afin de faire valoir ses droits, le Client devra, sous peine de d\u00e9ch\u00e9ance de toute action s&#8217;y rapportant, informer le Prestataire, par \u00e9crit, de l&#8217;existence des non-conformit\u00e9s dans un d\u00e9lai maximum de 48h\u00a0 \u00e0 compter de leur d\u00e9couverte \u00e0 l\u2019adresse <a href=\"mailto:comtonsud@gmail.com\">comtonsud@gmail.com<\/a><\/p><p>Le Prestataire rectifiera, remplacera ou fera rectifier, \u00e0 ses frais exclusifs, selon les modalit\u00e9s ad\u00e9quates et agr\u00e9\u00e9es par le Client, les Produits et\/ou Services jug\u00e9s d\u00e9fectueux.<\/p><p>En tout \u00e9tat de cause, au cas o\u00f9 la responsabilit\u00e9 du Prestataire serait retenue, la garantie du Prestataire serait limit\u00e9e au montant pay\u00e9 par le Client pour la fourniture des Produits et\/ou Services.<\/p><p>La garantie enfin, ne peut intervenir si les Produits ont fait l&#8217;objet d&#8217;un usage anormal, ou ont \u00e9t\u00e9 employ\u00e9s dans des conditions diff\u00e9rentes de celles pour lesquelles ils ont \u00e9t\u00e9 fabriqu\u00e9s, en particulier en cas de non-respect des conditions prescrites dans la notice d&#8217;utilisation.<\/p><p>Elle ne s&#8217;applique pas non plus au cas de d\u00e9t\u00e9rioration ou d&#8217;accident provenant de choc, chute, n\u00e9gligence, d\u00e9faut de surveillance ou d&#8217;entretien, ou bien en cas de transformation du Produit.<\/p><p>En outre le Prestataire s\u2019engage \u00e0 accomplir ses Produits\/Prestations dans le respect de la r\u00e8glementation propre \u00e0 ses activit\u00e9s notamment en mati\u00e8re de publicit\u00e9 &amp; de supports qu\u2019elle con\u00e7oit et diffuse pour le compte du Client.<\/p><p>________<\/p><p><b>ARTICLE 9 \u2013 RESPONSABILIT\u00c9 DU CLIENT<span class=\"Apple-converted-space\">\u00a0<\/span><\/b><\/p><p>Le Client s\u2019engage \u00e0 fournir au Prestataire tous documents, visuels (photos, vid\u00e9os) informations &amp; renseignements complets qui pourraient lui \u00eatre demand\u00e9s par le Prestataire dans le d\u00e9lai &amp; selon les modalit\u00e9s requis par ce dernier, en cas de fourniture des \u00e9l\u00e9ments hors-d\u00e9lai le d\u00e9lai de fourniture des Services s\u2019en trouvera rallong\u00e9 d\u2019autant sans mise en cause aucune de la responsabilit\u00e9 du Prestataire.<span class=\"Apple-converted-space\">\u00a0<\/span><\/p><p>Le Client s\u2019engage \u00e9galement \u00e0 ne fournir au Prestataire que des documents\/supports libres de droit, ou dont il poss\u00e8de les droits, consentant ainsi par leur envoi \u00e0 leur utilisation par le Prestataire sans contrepartie financi\u00e8re, sans quoi il en supportera les cons\u00e9quences notamment judiciaires &amp; p\u00e9cuniaires seul et dans leur int\u00e9gralit\u00e9.<\/p><p>Le Client est responsable de la v\u00e9racit\u00e9 &amp; de l\u2019exactitude des donn\u00e9es n\u00e9cessaires \u00e0 la r\u00e9alisation des Prestations (notamment les caract\u00e9ristiques, performances &amp; compositions<span class=\"Apple-converted-space\">\u00a0 <\/span>de ses produits et services \u00e0 la vente, son march\u00e9 etc.) fournies par lui au Prestataire, ainsi que du respect de la l\u00e9gislation relative \u00e0 son activit\u00e9. <span class=\"Apple-converted-space\">\u00a0<\/span><\/p><p>Le Client garantit <b>COM\u2019 TON SUD<\/b> et se substituera \u00e0 elle en cas d\u2019action et\/ou de condamnation judiciaire que cette-derni\u00e8re aurait \u00e0 supporter du fait d\u2019un manquement du Client aux diverses obligations pr\u00e9vues aux pr\u00e9sentes et ce nonobstant la r\u00e9paration de l\u2019entier pr\u00e9judice subi par le Prestataire \u00e0 cette occasion.<span class=\"Apple-converted-space\">\u00a0<\/span><\/p><p>________<\/p><p><b>ARTICLE 10 \u2013 DROIT DE PROPRI\u00c9T\u00c9 INTELLECTUELLE<\/b><\/p><p>Le Prestataire c\u00e8de tous les droits de propri\u00e9t\u00e9 intellectuelle sur les cr\u00e9ations graphiques, dessins, etc. r\u00e9alis\u00e9s \u00e0 la demande du Client concomitamment \u00e0 la fourniture des Produits\/Services au Client. Le Client est donc libre de toute reproduction en vue d\u2019exploitation desdites \u00e9tudes, cr\u00e9ations, dessins, mod\u00e8les, prototypes, etc. sans l&#8217;autorisation expresse, \u00e9crite et pr\u00e9alable du Prestataire.<\/p><p>Toutefois la mention \u00ab\u00a0R\u00e9alis\u00e9 par <b>COM\u2019 TON SUD<\/b>\u00a0\u00bb pourra \u00eatre appos\u00e9e sur les Produits &amp; Services de plein droit \u00e0 la discr\u00e9tion du Prestataire et ne saurait \u00eatre retir\u00e9e sous peine d\u2019action en responsabilit\u00e9 du Client.<span class=\"Apple-converted-space\">\u00a0<\/span><\/p><p>________<\/p><p><b>ARTICLE 11 \u2013 DONN\u00c9ES PERSONNELLES<\/b><\/p><p>Les donn\u00e9es personnelles recueillies aupr\u00e8s des Clients font l&#8217;objet d&#8217;un traitement informatique r\u00e9alis\u00e9 par le Prestataire. Elles sont enregistr\u00e9es dans son fichier Clients et sont indispensables au traitement de sa commande. Ces informations et donn\u00e9es personnelles sont \u00e9galement conserv\u00e9es \u00e0 des fins de s\u00e9curit\u00e9, afin de respecter les obligations l\u00e9gales et r\u00e9glementaires. Elles seront conserv\u00e9es aussi longtemps que n\u00e9cessaire dans la stricte finalit\u00e9 du traitement de la commande et des garanties \u00e9ventuellement applicables.<\/p><p>Le responsable du traitement des donn\u00e9es est le Prestataire. L&#8217;acc\u00e8s aux donn\u00e9es personnelles lui sera strictement limit\u00e9 ainsi le cas \u00e9ch\u00e9ant qu\u2019\u00e0 ses employ\u00e9s habilit\u00e9s \u00e0 les traiter en raison de leurs fonctions. Les informations recueillies pourront \u00e9ventuellement \u00eatre communiqu\u00e9es \u00e0 des tiers li\u00e9s \u00e0 l&#8217;entreprise par contrat pour l&#8217;ex\u00e9cution de t\u00e2ches sous-trait\u00e9es, sans que l&#8217;autorisation du Client soit n\u00e9cessaire.<\/p><p>Dans le cadre de l&#8217;ex\u00e9cution de leurs Produits\/Prestations, les tiers n&#8217;ont qu&#8217;un acc\u00e8s limit\u00e9 aux donn\u00e9es et ont l&#8217;obligation de les utiliser en conformit\u00e9 avec les dispositions de la l\u00e9gislation applicable en mati\u00e8re de protection des donn\u00e9es personnelles. En dehors des cas \u00e9nonc\u00e9s ci-dessus, le Prestataire s&#8217;interdit de vendre, louer, c\u00e9der ou donner acc\u00e8s \u00e0 des tiers aux donn\u00e9es sans consentement pr\u00e9alable du Client, \u00e0 moins d&#8217;y \u00eatre contraint en raison d&#8217;un motif l\u00e9gitime.<\/p><p>Si les donn\u00e9es sont amen\u00e9es \u00e0 \u00eatre transf\u00e9r\u00e9es en dehors de l&#8217;UE, l&#8217;Acheteur en sera inform\u00e9 et les garanties prises afin de s\u00e9curiser les donn\u00e9es (par exemple, adh\u00e9sion du prestataire externe au \u00ab Privacy Shield \u00bb, adoption de clauses types de protection valid\u00e9es par la CNIL, adoption d&#8217;un code de conduite, obtention d&#8217;une certification CNIL, etc.) lui seront pr\u00e9cis\u00e9es.<\/p><p>Conform\u00e9ment \u00e0 la r\u00e9glementation applicable, le Client dispose d&#8217;un droit d&#8217;acc\u00e8s, de rectification, d&#8217;effacement, et de portabilit\u00e9 des donn\u00e9es le concernant, ainsi que du droit de s&#8217;opposer au traitement pour motif l\u00e9gitime, droits qu&#8217;il peut exercer en s&#8217;adressant au responsable de traitement \u00e0 l&#8217;adresse postale ou email suivante :\u00a0<\/p><p><i>647 chemin Saint Roch, 83110 Sanary-sur-Mer &#8211; <\/i><a href=\"mailto:comtonsud@gmail.com\">comtonsud@gmail.com<\/a><\/p><p>En cas de litige, le Client est \u00e9galement en droit d\u2019adresser une r\u00e9clamation aupr\u00e8s de la CNIL.<\/p><p>________<\/p><p><b>ARTICLE 12 &#8211; IMPR\u00c9VISION<\/b><\/p><p>En cas de changement de circonstances impr\u00e9visibles lors de la conclusion du contrat, conform\u00e9ment aux dispositions de l&#8217;article 1195 du Code civil, la Partie qui n&#8217;a pas accept\u00e9 d&#8217;assumer un risque d&#8217;ex\u00e9cution excessivement on\u00e9reux sollicitera une ren\u00e9gociation du contrat \u00e0 son cocontractant, cette-derni\u00e8re aura lieu \u00e0 l\u2019amiable, en l\u2019absence de commun accord les parties concluront amiablement la r\u00e9solution du contrat ou la partie la plus diligente pourra ester en justice.<\/p><p>________<\/p><p><b>ARTICLE 13 \u2013 EX\u00c9CUTION FORC\u00c9E EN NATURE OU PAR \u00c9QUIVALENT<\/b><\/p><p>En cas de manquement de l&#8217;une ou l&#8217;autre des Parties \u00e0 ses obligations, la Partie victime de la d\u00e9faillance dispose du droit de requ\u00e9rir l&#8217;ex\u00e9cution forc\u00e9e en nature des obligations d\u00e9coulant des pr\u00e9sentes. Conform\u00e9ment aux dispositions de l&#8217;article\u00a0<a href=\"https:\/\/abonnes.efl.fr\/EFL2\/convert\/id\/?id=CCIV173294\">1221 du Code civil<\/a>, le cr\u00e9ancier de l&#8217;obligation pourra poursuivre cette ex\u00e9cution forc\u00e9e apr\u00e8s une simple mise en demeure, adress\u00e9e au d\u00e9biteur de l&#8217;obligation par\u00a0<i>lettre recommand\u00e9e avec accus\u00e9 de r\u00e9ception <\/i>demeur\u00e9e infructueuse, sauf si celle-ci s&#8217;av\u00e8re impossible ou s&#8217;il existe une disproportion manifeste entre son co\u00fbt pour le d\u00e9biteur, de bonne foi, et son int\u00e9r\u00eat pour le cr\u00e9ancier.<\/p><p>________<\/p><p><b>ARTICLE 14 \u2013 SOUS-TRAITANCE<\/b><\/p><p>Le Client autorise express\u00e9ment le Prestataire \u00e0 sous-traiter tout ou partie des Produits\/prestations pr\u00e9vues aux pr\u00e9sentes \u00e0 tout tiers Sous-traitant de son choix.<\/p><p>L\u2019achat par le Client des Produits &amp; Services vis\u00e9s aux pr\u00e9sentes implique l\u2019acceptation par le Client de la sous-traitance et des conditions g\u00e9n\u00e9rales de services du Sous-traitant.<\/p><p>Il appartient au Prestataire de s\u2019assurer que le Sous-traitant choisi pr\u00e9sente les garanties suffisantes quant \u00e0 la mise en \u0153uvre de mesures techniques et organisationnelles appropri\u00e9es de mani\u00e8re \u00e0 ce que les Produits\/prestations incombant au sous-traitant r\u00e9pondent aux exigences du Prestataire &amp; du Client en mati\u00e8re de qualit\u00e9 du travail &amp; de conformit\u00e9 au RGPD.<\/p><p>________<\/p><p><b>ARTICLE 15 \u2013 CONFIDENTIALIT\u00c9<\/b><\/p><p>Le Prestataire s\u2019engage pour la dur\u00e9e de l\u2019ex\u00e9cution de la commande du Client telle que d\u00e9finie par les documents de passation de commande sign\u00e9s, \u00e0 observer la plus grande discr\u00e9tion et en particulier \u00e0 ne divulguer aucune information \u00e0 caract\u00e8re confidentiel qui lui aurait \u00e9t\u00e9 communiqu\u00e9e par le Client.<\/p><p>________<\/p><p><b>ARTICLE 16 \u2013 DIVISIBILIT\u00c9<span class=\"Apple-converted-space\">\u00a0<\/span><\/b><\/p><p>S\u2019il advenait pour quelque cause que ce soit, qu\u2019une ou plusieurs des clauses des pr\u00e9sentes conditions ne puisse \u00eatre appliqu\u00e9e ou soit d\u00e9clar\u00e9e non-valide par une d\u00e9cision de justice d\u00e9finitive, toutes les autres clauses demeureraient valables et auraient force de loi entre les parties, \u00e0 condition cependant qu\u2019il ne soit pas port\u00e9 atteinte aux clauses fondamentales du contrat, en l\u2019absence desquelles les parties n\u2019auraient pas contract\u00e9.<span class=\"Apple-converted-space\">\u00a0<\/span><\/p><p>________<\/p><p><b>ARTICLE 17 \u2013 R\u00c9F\u00c9RENCES<span class=\"Apple-converted-space\">\u00a0<\/span><\/b><\/p><p>En acceptant les pr\u00e9sentes, le Client autorise express\u00e9ment \u00e0 ce que les Produits\/Prestations r\u00e9alis\u00e9es pour son compte par <b>COM\u2019 TON SUD<\/b> soient utilis\u00e9es pour promouvoir le savoir-faire et l\u2019image du Prestataire sous toutes formes et tous supports connus et inconnus \u00e0 ce jour notamment pour les documents commerciaux, site internet, affichage, r\u00e9ponses aux appels d\u2019offres\u2026<\/p><p>________<\/p><p><b>ARTICLE 18 \u2013 R\u00c9SERVE DE PROPRI\u00c9T\u00c9<span class=\"Apple-converted-space\">\u00a0<\/span><\/b><\/p><p>Le Prestataire reste propri\u00e9taire des Produits &amp; Services physiques comme num\u00e9riques \u00e0 compter du jour de livraison jusqu\u2019\u00e0 complet paiement de l\u2019int\u00e9gralit\u00e9 du prix de vente &amp; son encaissement effectif, \u00e0 d\u00e9faut duquel les Produits &amp; Services physiques devront \u00eatre restitu\u00e9s sans d\u00e9lai \u00e0 <b>COM\u2019 TON SUD<\/b> &amp; tous les Produits &amp; Services num\u00e9riques seront supprim\u00e9s des serveurs reli\u00e9s \u00e0 Internet.<\/p><p>________<\/p><p><b>ARTICLE\u00a019<span class=\"Apple-converted-space\">\u00a0 <\/span>&#8211; TRANSFERT DES RISQUES &amp; OBLIGATION DE LIVRAISON<span class=\"Apple-converted-space\">\u00a0<\/span><\/b><\/p><p>Le transfert au Client des risques de perte et de d\u00e9t\u00e9rioration sera r\u00e9alis\u00e9 d\u00e8s remise au transporteur des produits par le Prestataire, ind\u00e9pendamment du transfert de propri\u00e9t\u00e9, et ce quelle que soit la date du paiement et de livraison des produits.<\/p><p>Le Client reconna\u00eet que c&#8217;est au transporteur de son choix qu&#8217;il appartient d&#8217;effectuer la livraison, le Prestataire \u00e9tant r\u00e9put\u00e9 avoir rempli son obligation de d\u00e9livrance d\u00e8s lors qu&#8217;il a remis les produits command\u00e9s au transporteur qui les a accept\u00e9s sans r\u00e9serve.<span class=\"Apple-converted-space\">\u00a0<\/span><\/p><p>Le Client ne dispose donc d&#8217;aucun recours en garantie contre le Prestataire en cas de d\u00e9faut de livraison des Produits command\u00e9s ni des dommages survenus en cours de transport ou de d\u00e9chargement.<\/p><p>________<\/p><p><b>ARTICLE\u00a020 &#8211; FORCE MAJEURE<\/b><\/p><p>Les Parties ne pourront \u00eatre tenues pour responsables si la non-ex\u00e9cution ou le retard dans l&#8217;ex\u00e9cution de l&#8217;une quelconque de leurs obligations, telles que d\u00e9crites dans les pr\u00e9sentes d\u00e9coule d&#8217;un cas de force majeure, au sens de l&#8217;article\u00a0<a href=\"https:\/\/abonnes.efl.fr\/EFL2\/convert\/id\/?id=CCIV173272\">1218 du Code civil<\/a>.<\/p><p>La Partie constatant l&#8217;\u00e9v\u00e9nement devra sans d\u00e9lai informer l&#8217;autre Partie de son impossibilit\u00e9 \u00e0 ex\u00e9cuter sa prestation et s&#8217;en justifier aupr\u00e8s de celle-ci. La suspension des obligations ne pourra en aucun cas \u00eatre une cause de responsabilit\u00e9 pour non-ex\u00e9cution de l&#8217;obligation en cause, ni induire le versement de dommages et int\u00e9r\u00eats ou p\u00e9nalit\u00e9s de retard.<\/p><p>L&#8217;ex\u00e9cution de l&#8217;obligation est suspendue pendant toute la dur\u00e9e de la force majeure si elle est temporaire et ne d\u00e9passe pas une dur\u00e9e de 90 jours. Par cons\u00e9quent, d\u00e8s la disparition de la cause de la suspension de leurs obligations r\u00e9ciproques, les Parties feront tous leurs efforts pour reprendre le plus rapidement possible l&#8217;ex\u00e9cution normale de leurs obligations contractuelles. \u00c0 cet effet, la Partie emp\u00each\u00e9e avertira l&#8217;autre de la reprise de son obligation par lettre recommand\u00e9e avec demande d&#8217;avis de r\u00e9ception ou tout acte extrajudiciaire.<span class=\"Apple-converted-space\">\u00a0<\/span><\/p><p>________<\/p><p><b>ARTICLE\u00a021 &#8211; LITIGES<span class=\"Apple-converted-space\">\u00a0<\/span><\/b><\/p><p>En vue de trouver ensemble une solution \u00e0 tout litige qui surviendrait dans l&#8217;ex\u00e9cution du pr\u00e9sent contrat, les contractants conviennent de se r\u00e9unir dans les 7 jours \u00e0 compter de la r\u00e9ception d&#8217;une lettre recommand\u00e9e avec demande d&#8217;avis de r\u00e9ception, notifi\u00e9e par l&#8217;une des deux parties.<\/p><p>La pr\u00e9sente proc\u00e9dure de r\u00e8glement amiable constitue un pr\u00e9alable obligatoire \u00e0 l&#8217;introduction d&#8217;une action en justice entre les Parties. Toute action introduite en justice en violation de la pr\u00e9sente clause serait d\u00e9clar\u00e9e irrecevable.<\/p><p>Toutefois, si au terme d&#8217;un d\u00e9lai de 15 jours, les Parties n&#8217;arrivaient pas \u00e0 se mettre d&#8217;accord sur un compromis ou une solution, les Parties seront libres de soumettre le litige \u00e0 la comp\u00e9tence juridictionnelle d\u00e9sign\u00e9e ci-apr\u00e8s.<\/p><p>________<\/p><p><b>ARTICLE\u00a022\u00a0\u2013 \u00c9LECTION DE DOMICILE \u2013 ATTRIBUTION DE JURIDICTION<\/b><\/p><p>LES PARTIES \u00c9LISENT DOMICILE EN LEUR SI\u00c8GE SOCIAL &amp; TOUS LES LITIGES AUXQUELS LE PR\u00c9SENT CONTRAT ET LES ACCORDS QUI EN D\u00c9COULENT POURRAIENT DONNER LIEU, CONCERNANT TANT LEUR VALIDIT\u00c9, LEUR INTERPR\u00c9TATION, LEUR EX\u00c9CUTION, LEUR R\u00c9SOLUTION, LEURS CONS\u00c9QUENCES ET LEURS SUITES SERONT SOUMIS AUX TRIBUNAUX COMP\u00c9TENTS DANS LES CONDITIONS DE DROIT COMMUN.<\/p><p>________<\/p><p><b>ARTICLE\u00a023 \u2013 LANGUE DU CONTRAT \u2013 DROIT APPLICABLE<\/b><\/p><p>Les pr\u00e9sentes Conditions et les op\u00e9rations qui en d\u00e9coulent sont r\u00e9gies par le droit fran\u00e7ais.<br \/>Elles sont r\u00e9dig\u00e9es en langue fran\u00e7aise. Dans le cas o\u00f9 elles seraient traduites en une ou plusieurs langues, seul le texte fran\u00e7ais ferait foi en cas de litige.<\/p><p>________<\/p><p><b>ARTICLE\u00a024\u00a0\u2013 ACCEPTATION DU CLIENT<span class=\"Apple-converted-space\">\u00a0<\/span><\/b><\/p><p>Par sa signature au bas des pr\u00e9sentes Conditions G\u00e9n\u00e9rales de Vente, ces derni\u00e8res sont express\u00e9ment agr\u00e9\u00e9es et accept\u00e9es par le Client, qui d\u00e9clare et reconna\u00eet en avoir une parfaite connaissance, et renonce, de ce fait, \u00e0 se pr\u00e9valoir de tout document contradictoire et, notamment, ses propres conditions g\u00e9n\u00e9rales d&#8217;achat, qui seront inopposables au Prestataire, m\u00eame s&#8217;il en a eu connaissance.<\/p><\/div><\/div><\/div><\/div>\t\t\t\t\t\t<\/div>\n\t\t\t\t<\/div>\n\t\t\t\t\t<\/div>\n\t\t<\/div>\n\t\t\t\t\t\t\t<\/div>\n\t\t<\/section>\n\t\t\t\t\t\t\t<\/div>\n\t\t","protected":false},"excerpt":{"rendered":"<p>Conditions G\u00e9n\u00e9rales de Vente ARTICLE 1 \u2013 CHAMP D\u2019APPLICATION Les pr\u00e9sentes Conditions G\u00e9n\u00e9rales de Vente constituent, conform\u00e9ment \u00e0 l&#8217;article&nbsp;L 441-1 du Code du Commerce, le socle unique de la relation commerciale entre les parties (\u00ab Les Parties \u00bb). Elles ont pour objet de d\u00e9finir les conditions dans lesquelles&nbsp;l\u2019EI COM\u2019 TON SUD \u2013 Madame Victoria FACILA &hellip;<\/p>\n<p class=\"read-more\"> <a class=\"\" href=\"https:\/\/comtonsud.fr\/?page_id=1713\"> <span class=\"screen-reader-text\">CGV<\/span> Lire la suite\u00a0\u00bb<\/a><\/p>\n","protected":false},"author":1,"featured_media":0,"parent":0,"menu_order":0,"comment_status":"closed","ping_status":"closed","template":"","meta":{"om_disable_all_campaigns":false,"_mi_skip_tracking":false,"site-sidebar-layout":"no-sidebar","site-content-layout":"page-builder","ast-global-header-display":"","ast-main-header-display":"","ast-hfb-above-header-display":"","ast-hfb-below-header-display":"","ast-hfb-mobile-header-display":"","site-post-title":"disabled","ast-breadcrumbs-content":"","ast-featured-img":"disabled","footer-sml-layout":"","theme-transparent-header-meta":"","adv-header-id-meta":"","stick-header-meta":"","header-above-stick-meta":"","header-main-stick-meta":"","header-below-stick-meta":""},"aioseo_notices":[],"_links":{"self":[{"href":"https:\/\/comtonsud.fr\/index.php?rest_route=\/wp\/v2\/pages\/1713"}],"collection":[{"href":"https:\/\/comtonsud.fr\/index.php?rest_route=\/wp\/v2\/pages"}],"about":[{"href":"https:\/\/comtonsud.fr\/index.php?rest_route=\/wp\/v2\/types\/page"}],"author":[{"embeddable":true,"href":"https:\/\/comtonsud.fr\/index.php?rest_route=\/wp\/v2\/users\/1"}],"replies":[{"embeddable":true,"href":"https:\/\/comtonsud.fr\/index.php?rest_route=%2Fwp%2Fv2%2Fcomments&post=1713"}],"version-history":[{"count":9,"href":"https:\/\/comtonsud.fr\/index.php?rest_route=\/wp\/v2\/pages\/1713\/revisions"}],"predecessor-version":[{"id":1792,"href":"https:\/\/comtonsud.fr\/index.php?rest_route=\/wp\/v2\/pages\/1713\/revisions\/1792"}],"wp:attachment":[{"href":"https:\/\/comtonsud.fr\/index.php?rest_route=%2Fwp%2Fv2%2Fmedia&parent=1713"}],"curies":[{"name":"wp","href":"https:\/\/api.w.org\/{rel}","templated":true}]}}